{"version":"1.0","type":"rich","provider_name":"Freney.net","provider_url":"https:\/\/www.freney.net\/web","title":"Quid des sauvegardes&nbsp;?","author_name":"Patrice Freney","width":"480","height":"295","url":"https:\/\/www.freney.net\/?Quid-des-sauvegardes","html":"\u003Ch4 class='title'\u003E\u003Ca href='https:\/\/www.freney.net\/?Quid-des-sauvegardes'\u003EQuid des sauvegardes&nbsp;?\u003C\/a\u003E\u003C\/h4\u003E\u003Cblockquote class='spip'\u003E\n\u003Cp\u003E\u00c0 l\u2019heure o\u00f9 tout devient num\u00e9rique, on me pose souvent la question sur la sauvegarde de ses donn\u00e9es. En effet, les photos, les musiques, les vid\u00e9os, mais aussi les contacts, les courriels, les fichiers de travail\u2026 tout ceci est enregistr\u00e9 dans un disque dur. \n\u003Cbr class='autobr' \/\u003E\nMais si ce disque dur flanche&nbsp;? Et si l\u2019on vous vole votre ordinateur portable&nbsp;? Et si ce dernier tombe&nbsp;? Un incendie&nbsp;? Une inondation&nbsp;? \n\u003Cbr class='autobr' \/\u003E\nQuelques pistes pour vous \u00e9viter une d\u00e9convenue\u2026 \n\u003Cbr class='autobr' \/\u003E\nJe ne compte pas vous donner la solution&nbsp;(\u2026)\u003C\/p\u003E\n\u003C\/blockquote\u003E\n"}